{"id":2791,"date":"2023-04-04T19:31:31","date_gmt":"2023-04-04T19:31:31","guid":{"rendered":"https:\/\/ficyfestival.com\/?page_id=2791"},"modified":"2023-04-04T20:19:43","modified_gmt":"2023-04-04T20:19:43","slug":"base-de-convocatoria-llana-de-docu","status":"publish","type":"page","link":"https:\/\/ficyfestival.com\/en\/base-de-convocatoria-llana-de-docu\/","title":{"rendered":"Base de Convocatoria Llano  Docu"},"content":{"rendered":"<div data-elementor-type=\"wp-page\" data-elementor-id=\"2791\" class=\"elementor elementor-2791\">\n\t\t\t\t\t\t\t\t\t<section class=\"has_eae_slider elementor-section elementor-top-section elementor-element elementor-element-106fa972 elementor-section-boxed elementor-section-height-default elementor-section-height-default\" data-id=\"106fa972\" data-element_type=\"section\" data-settings=\"{&quot;background_background&quot;:&quot;classic&quot;}\">\n\t\t\t\t\t\t<div class=\"elementor-container elementor-column-gap-default\">\n\t\t\t\t\t<div class=\"has_eae_slider elementor-column elementor-col-50 elementor-top-column elementor-element elementor-element-7456de21\" data-id=\"7456de21\" data-element_type=\"column\">\n\t\t\t<div class=\"elementor-widget-wrap elementor-element-populated\">\n\t\t\t\t\t\t\t\t<div class=\"elementor-element elementor-element-2a54c7ae elementor-invisible elementor-widget elementor-widget-heading\" data-id=\"2a54c7ae\" data-element_type=\"widget\" data-settings=\"{&quot;_animation&quot;:&quot;fadeInLeft&quot;,&quot;_animation_delay&quot;:300}\" data-widget_type=\"heading.default\">\n\t\t\t\t<div class=\"elementor-widget-container\">\n\t\t\t<style>\/*! elementor - v3.6.4 - 13-04-2022 *\/\n.elementor-heading-title{padding:0;margin:0;line-height:1}.elementor-widget-heading .elementor-heading-title[class*=elementor-size-]>a{color:inherit;font-size:inherit;line-height:inherit}.elementor-widget-heading .elementor-heading-title.elementor-size-small{font-size:15px}.elementor-widget-heading .elementor-heading-title.elementor-size-medium{font-size:19px}.elementor-widget-heading .elementor-heading-title.elementor-size-large{font-size:29px}.elementor-widget-heading .elementor-heading-title.elementor-size-xl{font-size:39px}.elementor-widget-heading .elementor-heading-title.elementor-size-xxl{font-size:59px}<\/style><h1 class=\"elementor-heading-title elementor-size-default\">Llano Docu<\/h1>\t\t<\/div>\n\t\t\t\t<\/div>\n\t\t\t\t<div class=\"elementor-element elementor-element-6d33fc49 elementor-invisible elementor-widget elementor-widget-heading\" data-id=\"6d33fc49\" data-element_type=\"widget\" data-settings=\"{&quot;_animation&quot;:&quot;fadeInLeft&quot;,&quot;_animation_delay&quot;:200}\" data-widget_type=\"heading.default\">\n\t\t\t\t<div class=\"elementor-widget-container\">\n\t\t\t<p class=\"elementor-heading-title elementor-size-default\">The Yopal International Film Festival (F.I.C.Y)<\/p>\t\t<\/div>\n\t\t\t\t<\/div>\n\t\t\t\t\t<\/div>\n\t\t<\/div>\n\t\t\t\t<div class=\"has_eae_slider elementor-column elementor-col-50 elementor-top-column elementor-element elementor-element-314e13f4\" data-id=\"314e13f4\" data-element_type=\"column\">\n\t\t\t<div class=\"elementor-widget-wrap elementor-element-populated\">\n\t\t\t\t\t\t\t\t<div class=\"elementor-element elementor-element-37969d1 elementor-align-right elementor-tablet-align-center elementor-mobile-align-center elementor-widget elementor-widget-button\" data-id=\"37969d1\" data-element_type=\"widget\" data-widget_type=\"button.default\">\n\t\t\t\t<div class=\"elementor-widget-container\">\n\t\t\t\t\t<div class=\"elementor-button-wrapper\">\n\t\t\t<a href=\"#\" class=\"elementor-button-link elementor-button elementor-size-lg elementor-animation-shrink\" role=\"button\">\n\t\t\t\t\t\t<span class=\"elementor-button-content-wrapper\">\n\t\t\t\t\t\t\t<span class=\"elementor-button-icon elementor-align-icon-right\">\n\t\t\t\t<i aria-hidden=\"true\" class=\"far fa-clipboard\"><\/i>\t\t\t<\/span>\n\t\t\t\t\t\t<span class=\"elementor-button-text\">Download the PDF Bases<\/span>\n\t\t<\/span>\n\t\t\t\t\t<\/a>\n\t\t<\/div>\n\t\t\t\t<\/div>\n\t\t\t\t<\/div>\n\t\t\t\t\t<\/div>\n\t\t<\/div>\n\t\t\t\t\t\t\t<\/div>\n\t\t<\/section>\n\t\t\t\t<section class=\"has_eae_slider elementor-section elementor-top-section elementor-element elementor-element-3988e72c elementor-section-boxed elementor-section-height-default elementor-section-height-default\" data-id=\"3988e72c\" data-element_type=\"section\" data-settings=\"{&quot;background_background&quot;:&quot;classic&quot;}\">\n\t\t\t\t\t\t\t<div class=\"elementor-background-overlay\"><\/div>\n\t\t\t\t\t\t\t<div class=\"elementor-container elementor-column-gap-default\">\n\t\t\t\t\t<div class=\"has_eae_slider elementor-column elementor-col-100 elementor-top-column elementor-element elementor-element-375f9079\" data-id=\"375f9079\" data-element_type=\"column\">\n\t\t\t<div class=\"elementor-widget-wrap elementor-element-populated\">\n\t\t\t\t\t\t\t\t<div class=\"elementor-element elementor-element-244a731d envato-kit-93-drop-cap elementor-invisible elementor-widget elementor-widget-text-editor\" data-id=\"244a731d\" data-element_type=\"widget\" data-settings=\"{&quot;_animation&quot;:&quot;fadeInUp&quot;}\" data-widget_type=\"text-editor.default\">\n\t\t\t\t<div class=\"elementor-widget-container\">\n\t\t\t<style>\/*! elementor - v3.6.4 - 13-04-2022 *\/\n.elementor-widget-text-editor.elementor-drop-cap-view-stacked .elementor-drop-cap{background-color:#818a91;color:#fff}.elementor-widget-text-editor.elementor-drop-cap-view-framed .elementor-drop-cap{color:#818a91;border:3px solid;background-color:transparent}.elementor-widget-text-editor:not(.elementor-drop-cap-view-default) .elementor-drop-cap{margin-top:8px}.elementor-widget-text-editor:not(.elementor-drop-cap-view-default) .elementor-drop-cap-letter{width:1em;height:1em}.elementor-widget-text-editor .elementor-drop-cap{float:left;text-align:center;line-height:1;font-size:50px}.elementor-widget-text-editor .elementor-drop-cap-letter{display:inline-block}<\/style>\t\t\t\t<p>La convocatoria de \u00abLlano Docu\u00bb busca promover la producci\u00f3n de documentales que aborden temas relacionados con la regi\u00f3n del llano, su cultura y su naturaleza. Los documentales pueden tener diferentes enfoques y narrativas, siempre y cuando muestren la riqueza de esta regi\u00f3n.<\/p>\t\t\t\t\t\t<\/div>\n\t\t\t\t<\/div>\n\t\t\t\t<div class=\"elementor-element elementor-element-defa84c elementor-invisible elementor-widget elementor-widget-heading\" data-id=\"defa84c\" data-element_type=\"widget\" data-settings=\"{&quot;_animation&quot;:&quot;fadeInLeft&quot;}\" data-widget_type=\"heading.default\">\n\t\t\t\t<div class=\"elementor-widget-container\">\n\t\t\t<h5 class=\"elementor-heading-title elementor-size-default\">BASES DEL CONCURSO \"LLANO DOCU\"<\/h5>\t\t<\/div>\n\t\t\t\t<\/div>\n\t\t\t\t<div class=\"elementor-element elementor-element-5144a443 elementor-invisible elementor-widget elementor-widget-text-editor\" data-id=\"5144a443\" data-element_type=\"widget\" data-settings=\"{&quot;_animation&quot;:&quot;fadeInUp&quot;}\" data-widget_type=\"text-editor.default\">\n\t\t\t\t<div class=\"elementor-widget-container\">\n\t\t\t\t\t\t\t<p>Las bases de convocatoria para el \u00abLlano Docu\u00bb son las siguientes:<\/p>\t\t\t\t\t\t<\/div>\n\t\t\t\t<\/div>\n\t\t\t\t<div class=\"elementor-element elementor-element-3a28c52 elementor-invisible elementor-widget elementor-widget-heading\" data-id=\"3a28c52\" data-element_type=\"widget\" data-settings=\"{&quot;_animation&quot;:&quot;fadeInLeft&quot;}\" data-widget_type=\"heading.default\">\n\t\t\t\t<div class=\"elementor-widget-container\">\n\t\t\t<h5 class=\"elementor-heading-title elementor-size-default\">CATEGORIES <\/h5>\t\t<\/div>\n\t\t\t\t<\/div>\n\t\t\t\t<div class=\"elementor-element elementor-element-fc0d516 elementor-invisible elementor-widget elementor-widget-text-editor\" data-id=\"fc0d516\" data-element_type=\"widget\" data-settings=\"{&quot;_animation&quot;:&quot;fadeInUp&quot;}\" data-widget_type=\"text-editor.default\">\n\t\t\t\t<div class=\"elementor-widget-container\">\n\t\t\t\t\t\t\t<p>La convocatoria no establece categor\u00edas espec\u00edficas para los documentales. Sin embargo, se recomienda que los proyectos presentados est\u00e9n enfocados en temas relacionados con la regi\u00f3n del llano.<\/p>\t\t\t\t\t\t<\/div>\n\t\t\t\t<\/div>\n\t\t\t\t<div class=\"elementor-element elementor-element-2136f3e elementor-invisible elementor-widget elementor-widget-heading\" data-id=\"2136f3e\" data-element_type=\"widget\" data-settings=\"{&quot;_animation&quot;:&quot;fadeInLeft&quot;}\" data-widget_type=\"heading.default\">\n\t\t\t\t<div class=\"elementor-widget-container\">\n\t\t\t<h5 class=\"elementor-heading-title elementor-size-default\">REQUIREMENTS<\/h5>\t\t<\/div>\n\t\t\t\t<\/div>\n\t\t\t\t<div class=\"elementor-element elementor-element-0586cb7 elementor-invisible elementor-widget elementor-widget-text-editor\" data-id=\"0586cb7\" data-element_type=\"widget\" data-settings=\"{&quot;_animation&quot;:&quot;fadeInUp&quot;}\" data-widget_type=\"text-editor.default\">\n\t\t\t\t<div class=\"elementor-widget-container\">\n\t\t\t\t\t\t\t<p>Los interesados en participar en la convocatoria deben tener un proyecto de documental en desarrollo o en fase de producci\u00f3n. El proyecto debe estar relacionado con la regi\u00f3n del llano y tener una duraci\u00f3n m\u00e1xima de 60 minutos. Los participantes deben inscribir su proyecto a trav\u00e9s de la p\u00e1gina web del festival.<\/p>\t\t\t\t\t\t<\/div>\n\t\t\t\t<\/div>\n\t\t\t\t<div class=\"elementor-element elementor-element-93faf95 elementor-invisible elementor-widget elementor-widget-heading\" data-id=\"93faf95\" data-element_type=\"widget\" data-settings=\"{&quot;_animation&quot;:&quot;fadeInLeft&quot;}\" data-widget_type=\"heading.default\">\n\t\t\t\t<div class=\"elementor-widget-container\">\n\t\t\t<h5 class=\"elementor-heading-title elementor-size-default\">AWARDS <\/h5>\t\t<\/div>\n\t\t\t\t<\/div>\n\t\t\t\t<div class=\"elementor-element elementor-element-1577ece elementor-invisible elementor-widget elementor-widget-text-editor\" data-id=\"1577ece\" data-element_type=\"widget\" data-settings=\"{&quot;_animation&quot;:&quot;fadeInUp&quot;}\" data-widget_type=\"text-editor.default\">\n\t\t\t\t<div class=\"elementor-widget-container\">\n\t\t\t\t\t\t\t<p>Los proyectos seleccionados recibir\u00e1n un apoyo econ\u00f3mico para su realizaci\u00f3n y ser\u00e1n incluidos en la programaci\u00f3n del F.I.C.Y para su proyecci\u00f3n. Adem\u00e1s, los documentales podr\u00e1n ser seleccionados para ser exhibidos en otros festivales de cine y eventos culturales.<\/p>\t\t\t\t\t\t<\/div>\n\t\t\t\t<\/div>\n\t\t\t\t<div class=\"elementor-element elementor-element-15fb6c5 elementor-invisible elementor-widget elementor-widget-heading\" data-id=\"15fb6c5\" data-element_type=\"widget\" data-settings=\"{&quot;_animation&quot;:&quot;fadeInLeft&quot;}\" data-widget_type=\"heading.default\">\n\t\t\t\t<div class=\"elementor-widget-container\">\n\t\t\t<h5 class=\"elementor-heading-title elementor-size-default\">SELECTION PROCESS<\/h5>\t\t<\/div>\n\t\t\t\t<\/div>\n\t\t\t\t<div class=\"elementor-element elementor-element-d426202 elementor-invisible elementor-widget elementor-widget-text-editor\" data-id=\"d426202\" data-element_type=\"widget\" data-settings=\"{&quot;_animation&quot;:&quot;fadeInUp&quot;}\" data-widget_type=\"text-editor.default\">\n\t\t\t\t<div class=\"elementor-widget-container\">\n\t\t\t\t\t\t\t<p>Los proyectos ser\u00e1n evaluados por un jurado experto en cine documental y temas relacionados con la regi\u00f3n del llano. Se evaluar\u00e1n aspectos como la calidad cinematogr\u00e1fica, la originalidad del enfoque, la relevancia del tema y la viabilidad del proyecto.<\/p>\t\t\t\t\t\t<\/div>\n\t\t\t\t<\/div>\n\t\t\t\t<div class=\"elementor-element elementor-element-2e25973 elementor-invisible elementor-widget elementor-widget-heading\" data-id=\"2e25973\" data-element_type=\"widget\" data-settings=\"{&quot;_animation&quot;:&quot;fadeInLeft&quot;}\" data-widget_type=\"heading.default\">\n\t\t\t\t<div class=\"elementor-widget-container\">\n\t\t\t<h5 class=\"elementor-heading-title elementor-size-default\">DELIVERY METHOD<\/h5>\t\t<\/div>\n\t\t\t\t<\/div>\n\t\t\t\t<div class=\"elementor-element elementor-element-54a8663 elementor-invisible elementor-widget elementor-widget-text-editor\" data-id=\"54a8663\" data-element_type=\"widget\" data-settings=\"{&quot;_animation&quot;:&quot;fadeInUp&quot;}\" data-widget_type=\"text-editor.default\">\n\t\t\t\t<div class=\"elementor-widget-container\">\n\t\t\t\t\t\t\t<ul><li>Los interesados deben completar el formulario de inscripci\u00f3n en la p\u00e1gina web del festival y adjuntar el material requerido, incluyendo una sinopsis del documental, una descripci\u00f3n del proyecto y un presupuesto estimado.<\/li><\/ul>\t\t\t\t\t\t<\/div>\n\t\t\t\t<\/div>\n\t\t\t\t<div class=\"elementor-element elementor-element-187d485 elementor-invisible elementor-widget elementor-widget-heading\" data-id=\"187d485\" data-element_type=\"widget\" data-settings=\"{&quot;_animation&quot;:&quot;fadeInLeft&quot;}\" data-widget_type=\"heading.default\">\n\t\t\t\t<div class=\"elementor-widget-container\">\n\t\t\t<h5 class=\"elementor-heading-title elementor-size-default\">ACEPTACI\u00d3N DE LAS BASES<\/h5>\t\t<\/div>\n\t\t\t\t<\/div>\n\t\t\t\t<div class=\"elementor-element elementor-element-932edae elementor-invisible elementor-widget elementor-widget-text-editor\" data-id=\"932edae\" data-element_type=\"widget\" data-settings=\"{&quot;_animation&quot;:&quot;fadeInUp&quot;}\" data-widget_type=\"text-editor.default\">\n\t\t\t\t<div class=\"elementor-widget-container\">\n\t\t\t\t\t\t\t<ul><li>Los participantes aceptan las bases de la convocatoria al momento de enviar su solicitud de inscripci\u00f3n. Es importante que los interesados lean detenidamente las bases y se aseguren de cumplir con todos los requisitos antes de inscribir su proyecto.<\/li><\/ul>\t\t\t\t\t\t<\/div>\n\t\t\t\t<\/div>\n\t\t\t\t<div class=\"elementor-element elementor-element-0d72f2f elementor-invisible elementor-widget elementor-widget-heading\" data-id=\"0d72f2f\" data-element_type=\"widget\" data-settings=\"{&quot;_animation&quot;:&quot;fadeInLeft&quot;}\" data-widget_type=\"heading.default\">\n\t\t\t\t<div class=\"elementor-widget-container\">\n\t\t\t<h5 class=\"elementor-heading-title elementor-size-default\">DISPOSICIONES FINALES El F.I.C.Y<\/h5>\t\t<\/div>\n\t\t\t\t<\/div>\n\t\t\t\t<div class=\"elementor-element elementor-element-cfa51b1 elementor-invisible elementor-widget elementor-widget-text-editor\" data-id=\"cfa51b1\" data-element_type=\"widget\" data-settings=\"{&quot;_animation&quot;:&quot;fadeInUp&quot;}\" data-widget_type=\"text-editor.default\">\n\t\t\t\t<div class=\"elementor-widget-container\">\n\t\t\t\t\t\t\t<p>se reserva el derecho de modificar estas bases en caso de ser necesario, y de resolver cualquier situaci\u00f3n no prevista en ellas.<\/p>\t\t\t\t\t\t<\/div>\n\t\t\t\t<\/div>\n\t\t\t\t\t<\/div>\n\t\t<\/div>\n\t\t\t\t\t\t\t<\/div>\n\t\t<\/section>\n\t\t\t\t\t\t\t<\/div>","protected":false},"excerpt":{"rendered":"<p>Llano Docu El Festival Internacional de Cine de Yopal (F.I.C.Y) Descarga las Bases PDF La convocatoria de \u00abLlano Docu\u00bb busca promover la producci\u00f3n de documentales que aborden temas relacionados con la regi\u00f3n del llano, su cultura y su naturaleza. Los documentales pueden tener diferentes enfoques y narrativas, siempre y cuando muestren la riqueza de esta &hellip;<\/p>\n<p class=\"read-more\"> <a class=\"\" href=\"https:\/\/ficyfestival.com\/en\/base-de-convocatoria-llana-de-docu\/\"> <span class=\"screen-reader-text\">Base de Convocatoria Llano  Docu<\/span> Read More \u00bb<\/a><\/p>","protected":false},"author":1,"featured_media":0,"parent":0,"menu_order":0,"comment_status":"closed","ping_status":"closed","template":"","meta":{"site-sidebar-layout":"no-sidebar","site-content-layout":"page-builder","ast-main-header-display":"","ast-hfb-above-header-display":"","ast-hfb-below-header-display":"","ast-hfb-mobile-header-display":"","site-post-title":"disabled","ast-breadcrumbs-content":"","ast-featured-img":"disabled","footer-sml-layout":"","theme-transparent-header-meta":"","adv-header-id-meta":"","stick-header-meta":"","header-above-stick-meta":"","header-main-stick-meta":"","header-below-stick-meta":"","footnotes":""},"class_list":["post-2791","page","type-page","status-publish","hentry"],"_links":{"self":[{"href":"https:\/\/ficyfestival.com\/en\/wp-json\/wp\/v2\/pages\/2791","targetHints":{"allow":["GET"]}}],"collection":[{"href":"https:\/\/ficyfestival.com\/en\/wp-json\/wp\/v2\/pages"}],"about":[{"href":"https:\/\/ficyfestival.com\/en\/wp-json\/wp\/v2\/types\/page"}],"author":[{"embeddable":true,"href":"https:\/\/ficyfestival.com\/en\/wp-json\/wp\/v2\/users\/1"}],"replies":[{"embeddable":true,"href":"https:\/\/ficyfestival.com\/en\/wp-json\/wp\/v2\/comments?post=2791"}],"version-history":[{"count":41,"href":"https:\/\/ficyfestival.com\/en\/wp-json\/wp\/v2\/pages\/2791\/revisions"}],"predecessor-version":[{"id":2843,"href":"https:\/\/ficyfestival.com\/en\/wp-json\/wp\/v2\/pages\/2791\/revisions\/2843"}],"wp:attachment":[{"href":"https:\/\/ficyfestival.com\/en\/wp-json\/wp\/v2\/media?parent=2791"}],"curies":[{"name":"wp","href":"https:\/\/api.w.org\/{rel}","templated":true}]}}